{"id":94,"date":"2022-10-20T12:39:02","date_gmt":"2022-10-20T12:39:02","guid":{"rendered":"https:\/\/laurasaleh.de\/?page_id=94"},"modified":"2022-12-20T13:41:41","modified_gmt":"2022-12-20T13:41:41","slug":"gesangspaedagogin","status":"publish","type":"page","link":"https:\/\/laurasaleh.de\/?page_id=94","title":{"rendered":"Gesangsp\u00e4dagogin"},"content":{"rendered":"<p>[et_pb_section fb_built=&#8220;1&#8243; _builder_version=&#8220;4.18.0&#8243; _module_preset=&#8220;default&#8220; global_colors_info=&#8220;{}&#8220;][et_pb_row _builder_version=&#8220;4.18.0&#8243; _module_preset=&#8220;default&#8220; global_colors_info=&#8220;{}&#8220;][et_pb_column type=&#8220;4_4&#8243; _builder_version=&#8220;4.18.0&#8243; _module_preset=&#8220;default&#8220; global_colors_info=&#8220;{}&#8220;][et_pb_text _builder_version=&#8220;4.19.4&#8243; _module_preset=&#8220;default&#8220; hover_enabled=&#8220;0&#8243; global_colors_info=&#8220;{}&#8220; sticky_enabled=&#8220;0&#8243;]<\/p>\n<h2><b>Gesangsp\u00e4dagogin<\/b><\/h2>\n<p>W\u00e4hrend meines Studiums lernte ich zahlreiche Facetten der Gesangsdidaktik kennen. Durch den Einfluss verschiedener Gesangsp\u00e4dagog:innen f\u00fcllte sich mein methodischer Koffer mit unterschiedlichen Techniken, \u00dcbungen und Anleitungen f\u00fcr den Pop-, Klassik-, Musical-, Jazz-, Chanson- und Rockgesang.<\/p>\n<p>Die individuelle Arbeit mit den Menschen und den vielf\u00e4ltigen Stimmen, die diese mit sich bringen, bereitet mir viel Freude. Workshops (z.B. Estill Voice Training und Complete Vocal Technique) oder Meisterkurse\/Hospitationen bei Gesangsgr\u00f6\u00dfen wie Sarah Cotton\u00a0und Brigitte Fassbaender erweiterten meinen gesanglichen und methodischen Horizont.<\/p>\n<p>[\/et_pb_text][\/et_pb_column][\/et_pb_row][et_pb_row _builder_version=&#8220;4.18.0&#8243; _module_preset=&#8220;default&#8220; global_colors_info=&#8220;{}&#8220;][et_pb_column type=&#8220;4_4&#8243; _builder_version=&#8220;4.18.0&#8243; _module_preset=&#8220;default&#8220; global_colors_info=&#8220;{}&#8220;][et_pb_code _builder_version=&#8220;4.18.0&#8243; _module_preset=&#8220;default&#8220; global_colors_info=&#8220;{}&#8220;]\n<table id=\"tablepress-3\" class=\"tablepress tablepress-id-3\">\n<thead>\n<tr class=\"row-1\">\n\t<th class=\"column-1\">T\u00e4tigkeit\/ Workshop<\/th><th class=\"column-2\">Position<\/th><th class=\"column-3\">Ort<\/th><th class=\"column-4\">Jahr<\/th>\n<\/tr>\n<\/thead>\n<tbody class=\"row-striping row-hover\">\n<tr class=\"row-2\">\n\t<td class=\"column-1\">Heaven can wait-Chor<\/td><td class=\"column-2\">Chorleitung<\/td><td class=\"column-3\">Hannover<\/td><td class=\"column-4\">2024<\/td>\n<\/tr>\n<tr class=\"row-3\">\n\t<td class=\"column-1\">Leuphana Universit\u00e4t<\/td><td class=\"column-2\">Lehrauftrag Gesang <br \/>\n(Jazz\/Rock\/Pop\/Klassik)<\/td><td class=\"column-3\">L\u00fcneburg<\/td><td class=\"column-4\">seit 2023<\/td>\n<\/tr>\n<tr class=\"row-4\">\n\t<td class=\"column-1\">Musical GHOST<\/td><td class=\"column-2\">Music Assistant<\/td><td class=\"column-3\">Tour<\/td><td class=\"column-4\">2023<\/td>\n<\/tr>\n<tr class=\"row-5\">\n\t<td class=\"column-1\">Privatunterricht<\/td><td class=\"column-2\">Gesangslehrerin (Klassik\/Pop)<\/td><td class=\"column-3\">Hannover, Rostock<\/td><td class=\"column-4\">seit 2011<\/td>\n<\/tr>\n<tr class=\"row-6\">\n\t<td class=\"column-1\">Musikschule Tonicum<\/td><td class=\"column-2\">Gesangslehrerin<\/td><td class=\"column-3\">Leipzig<\/td><td class=\"column-4\">2018 - 2019<\/td>\n<\/tr>\n<tr class=\"row-7\">\n\t<td class=\"column-1\">Musikschule<\/td><td class=\"column-2\">Gesangslehrerin (Jazz\/Rock\/Pop)<\/td><td class=\"column-3\">Wolfsburg<\/td><td class=\"column-4\">2016 - 2019<\/td>\n<\/tr>\n<tr class=\"row-8\">\n\t<td class=\"column-1\">Meisterkurs Silvano Zabeo<\/td><td class=\"column-2\">Teilnehmerin<\/td><td class=\"column-3\">Hannover<\/td><td class=\"column-4\">2016<\/td>\n<\/tr>\n<tr class=\"row-9\">\n\t<td class=\"column-1\">Frauenchor<\/td><td class=\"column-2\">Stimmbildnerin (Klassik\/Pop)<\/td><td class=\"column-3\">Hannover<\/td><td class=\"column-4\">2015<\/td>\n<\/tr>\n<tr class=\"row-10\">\n\t<td class=\"column-1\">The Body Instrument (Workshop bei Anne Rosing-Scou)<\/td><td class=\"column-2\">Teilnehmerin<\/td><td class=\"column-3\">Aarhus<\/td><td class=\"column-4\">2015<\/td>\n<\/tr>\n<tr class=\"row-11\">\n\t<td class=\"column-1\">Meisterkurs Brigitte Fassbaender<\/td><td class=\"column-2\">Gasth\u00f6rerin<\/td><td class=\"column-3\">Hannover<\/td><td class=\"column-4\">2015<\/td>\n<\/tr>\n<tr class=\"row-12\">\n\t<td class=\"column-1\">Meisterkurs Sarah Cotton<\/td><td class=\"column-2\">Teilnehmerin<\/td><td class=\"column-3\">Hannover<\/td><td class=\"column-4\">2014<\/td>\n<\/tr>\n<tr class=\"row-13\">\n\t<td class=\"column-1\">Estill Voice Training 1&amp;2 (Workshops bei Dorte Hyldstrup)<\/td><td class=\"column-2\">Teilnehmerin<\/td><td class=\"column-3\">Rostock<\/td><td class=\"column-4\">2014<\/td>\n<\/tr>\n<tr class=\"row-14\">\n\t<td class=\"column-1\">Meisterkurs Magreet Honig<\/td><td class=\"column-2\">Gasth\u00f6rerin<\/td><td class=\"column-3\">Hamburg<\/td><td class=\"column-4\">2014<\/td>\n<\/tr>\n<tr class=\"row-15\">\n\t<td class=\"column-1\">Jodelworkshop<\/td><td class=\"column-2\">Teilnehmerin<\/td><td class=\"column-3\">Rostock<\/td><td class=\"column-4\">2011<\/td>\n<\/tr>\n<tr class=\"row-16\">\n\t<td class=\"column-1\">Complete Vocal Technique (Workshop bei Prof. Lindsay Lewis)<\/td><td class=\"column-2\">Teilnehmerin<\/td><td class=\"column-3\">Hamburg<\/td><td class=\"column-4\">2011<\/td>\n<\/tr>\n<\/tbody>\n<\/table>\n<!-- #tablepress-3 from cache -->[\/et_pb_code][\/et_pb_column][\/et_pb_row][et_pb_row _builder_version=&#8220;4.18.0&#8243; _module_preset=&#8220;default&#8220; global_colors_info=&#8220;{}&#8220;][et_pb_column type=&#8220;4_4&#8243; _builder_version=&#8220;4.18.0&#8243; _module_preset=&#8220;default&#8220; global_colors_info=&#8220;{}&#8220;][et_pb_code _builder_version=&#8220;4.18.0&#8243; _module_preset=&#8220;default&#8220; global_colors_info=&#8220;{}&#8220;]\n<table id=\"tablepress-4\" class=\"tablepress tablepress-id-4\">\n<thead>\n<tr class=\"row-1\">\n\t<th class=\"column-1\">Unterricht<\/th><th class=\"column-2\">Lehrer<\/th><th class=\"column-3\">Ort<\/th><th class=\"column-4\">Jahr<\/th>\n<\/tr>\n<\/thead>\n<tbody class=\"row-striping row-hover\">\n<tr class=\"row-2\">\n\t<td class=\"column-1\">Musicalgesang<\/td><td class=\"column-2\">Anna Thor\u00e9n<\/td><td class=\"column-3\">Hamburg<\/td><td class=\"column-4\">seit 2020<\/td>\n<\/tr>\n<tr class=\"row-3\">\n\t<td class=\"column-1\">Schauspiel<\/td><td class=\"column-2\">Alexander von S\u00e4bel<\/td><td class=\"column-3\">Hannover<\/td><td class=\"column-4\">2024<\/td>\n<\/tr>\n<tr class=\"row-4\">\n\t<td class=\"column-1\">Musicalgesang<\/td><td class=\"column-2\">Marc Seitz<\/td><td class=\"column-3\">Berlin<\/td><td class=\"column-4\">2019<\/td>\n<\/tr>\n<tr class=\"row-5\">\n\t<td class=\"column-1\">Pop\/Rock\/Jazz-Gesang<\/td><td class=\"column-2\">Prof. Barbara Felsenstein, Prof. Ute Becker, Nadja Dehn, Prof. Lindsay Lewis, Jane Comerford, John Lehman<\/td><td class=\"column-3\">Rostock, Hannover<\/td><td class=\"column-4\">2010-2017<\/td>\n<\/tr>\n<tr class=\"row-6\">\n\t<td class=\"column-1\">Klassischer Gesang<\/td><td class=\"column-2\">Prof. Mechthild Kerz, Prof. Markus Sch\u00e4fer, Eva Zwedberg, Prof. Caroline Stein<\/td><td class=\"column-3\">Rostock, Hannover<\/td><td class=\"column-4\">2010-2017<\/td>\n<\/tr>\n<tr class=\"row-7\">\n\t<td class=\"column-1\">Klassischer Gesang<\/td><td class=\"column-2\">Relia Paul<\/td><td class=\"column-3\">Grevesm\u00fchlen<\/td><td class=\"column-4\">2007-2010<\/td>\n<\/tr>\n<tr class=\"row-8\">\n\t<td class=\"column-1\">Schauspiel<\/td><td class=\"column-2\">Mathias Remus, Heike Jonca<\/td><td class=\"column-3\">Hannover, Berlin<\/td><td class=\"column-4\">seit 2014<\/td>\n<\/tr>\n<\/tbody>\n<\/table>\n<!-- #tablepress-4 from cache -->[\/et_pb_code][\/et_pb_column][\/et_pb_row][et_pb_row _builder_version=&#8220;4.18.0&#8243; _module_preset=&#8220;default&#8220; global_colors_info=&#8220;{}&#8220;][et_pb_column type=&#8220;4_4&#8243; _builder_version=&#8220;4.18.0&#8243; _module_preset=&#8220;default&#8220; global_colors_info=&#8220;{}&#8220;][et_pb_button button_url=&#8220;@ET-DC@eyJkeW5hbWljIjp0cnVlLCJjb250ZW50IjoicG9zdF9saW5rX3VybF9wYWdlIiwic2V0dGluZ3MiOnsicG9zdF9pZCI6IjY0In19@&#8220; button_text=&#8220;Zur\u00fcck&#8220; button_alignment=&#8220;right&#8220; _builder_version=&#8220;4.18.0&#8243; _dynamic_attributes=&#8220;button_url&#8220; _module_preset=&#8220;default&#8220; global_colors_info=&#8220;{}&#8220;][\/et_pb_button][\/et_pb_column][\/et_pb_row][\/et_pb_section]<\/p>\n","protected":false},"excerpt":{"rendered":"<p>Gesangsp\u00e4dagogin W\u00e4hrend meines Studiums lernte ich zahlreiche Facetten der Gesangsdidaktik kennen. Durch den Einfluss verschiedener Gesangsp\u00e4dagog:innen f\u00fcllte sich mein methodischer Koffer mit unterschiedlichen Techniken, \u00dcbungen und Anleitungen f\u00fcr den Pop-, Klassik-, Musical-, Jazz-, Chanson- und Rockgesang. Die individuelle Arbeit mit den Menschen und den vielf\u00e4ltigen Stimmen, die diese mit sich bringen, bereitet mir viel Freude. [&hellip;]<\/p>\n","protected":false},"author":1,"featured_media":0,"parent":0,"menu_order":0,"comment_status":"closed","ping_status":"closed","template":"","meta":{"_et_pb_use_builder":"on","_et_pb_old_content":"","_et_gb_content_width":"","footnotes":""},"class_list":["post-94","page","type-page","status-publish","hentry"],"_links":{"self":[{"href":"https:\/\/laurasaleh.de\/index.php?rest_route=\/wp\/v2\/pages\/94","targetHints":{"allow":["GET"]}}],"collection":[{"href":"https:\/\/laurasaleh.de\/index.php?rest_route=\/wp\/v2\/pages"}],"about":[{"href":"https:\/\/laurasaleh.de\/index.php?rest_route=\/wp\/v2\/types\/page"}],"author":[{"embeddable":true,"href":"https:\/\/laurasaleh.de\/index.php?rest_route=\/wp\/v2\/users\/1"}],"replies":[{"embeddable":true,"href":"https:\/\/laurasaleh.de\/index.php?rest_route=%2Fwp%2Fv2%2Fcomments&post=94"}],"version-history":[{"count":0,"href":"https:\/\/laurasaleh.de\/index.php?rest_route=\/wp\/v2\/pages\/94\/revisions"}],"wp:attachment":[{"href":"https:\/\/laurasaleh.de\/index.php?rest_route=%2Fwp%2Fv2%2Fmedia&parent=94"}],"curies":[{"name":"wp","href":"https:\/\/api.w.org\/{rel}","templated":true}]}}